{"id":2871,"date":"2024-08-22T17:05:33","date_gmt":"2024-08-22T22:05:33","guid":{"rendered":"https:\/\/marcelabellini.com\/?page_id=2871"},"modified":"2026-04-23T22:21:26","modified_gmt":"2026-04-24T03:21:26","slug":"curriculum","status":"publish","type":"page","link":"https:\/\/marcelabellini.com\/en\/curriculum\/","title":{"rendered":"Curriculum"},"content":{"rendered":"\t\t<div data-elementor-type=\"wp-page\" data-elementor-id=\"2871\" class=\"elementor elementor-2871 elementor-876\" data-elementor-post-type=\"page\">\n\t\t\t\t<div class=\"elementor-element elementor-element-5bd9a1d e-flex e-con-boxed e-con e-parent\" data-id=\"5bd9a1d\" data-element_type=\"container\" data-e-type=\"container\" data-settings=\"{&quot;jet_parallax_layout_list&quot;:[]}\">\n\t\t\t\t\t<div class=\"e-con-inner\">\n\t\t<div class=\"elementor-element elementor-element-4205e9a e-con-full e-flex e-con e-child\" data-id=\"4205e9a\" data-element_type=\"container\" data-e-type=\"container\" data-settings=\"{&quot;jet_parallax_layout_list&quot;:[]}\">\n\t\t\t\t<div class=\"elementor-element elementor-element-49ef5c2 elementor-widget elementor-widget-heading\" data-id=\"49ef5c2\" data-element_type=\"widget\" data-e-type=\"widget\" data-widget_type=\"heading.default\">\n\t\t\t\t<div class=\"elementor-widget-container\">\n\t\t\t\t\t<h4 class=\"elementor-heading-title elementor-size-default\">Workshops<\/h4>\t\t\t\t<\/div>\n\t\t\t\t<\/div>\n\t\t\t\t<div class=\"elementor-element elementor-element-3240bd9 elementor-widget elementor-widget-text-editor\" data-id=\"3240bd9\" data-element_type=\"widget\" data-e-type=\"widget\" data-widget_type=\"text-editor.default\">\n\t\t\t\t<div class=\"elementor-widget-container\">\n\t\t\t\t\t\t\t\t\t<div id=\"message-list_1761944832.473699\" class=\"c-virtual_list__item\" tabindex=\"0\" role=\"listitem\" aria-setsize=\"-1\" data-qa=\"virtual-list-item\" data-item-key=\"1761944832.473699\"><div class=\"c-message_kit__background p-message_pane_message__message c-message_kit__message\" role=\"presentation\" data-qa=\"message_container\" data-qa-unprocessed=\"false\" data-qa-placeholder=\"false\"><div class=\"c-message_kit__hover\" role=\"document\" aria-roledescription=\"mensaje\" data-qa-hover=\"true\"><div class=\"c-message_kit__actions c-message_kit__actions--default\"><div class=\"c-message_kit__gutter\"><div class=\"c-message_kit__gutter__right\" role=\"presentation\" data-qa=\"message_content\"><div class=\"c-message_kit__blocks c-message_kit__blocks--rich_text\"><div class=\"c-message__message_blocks c-message__message_blocks--rich_text\" data-qa=\"message-text\"><div class=\"p-block_kit_renderer\" data-qa=\"block-kit-renderer\"><div class=\"p-block_kit_renderer__block_wrapper p-block_kit_renderer__block_wrapper--first\"><div class=\"p-rich_text_block\" dir=\"auto\"><div id=\"message-list_1761944832.473699\" class=\"c-virtual_list__item\" tabindex=\"0\" role=\"listitem\" aria-setsize=\"-1\" data-qa=\"virtual-list-item\" data-item-key=\"1761944832.473699\"><div class=\"c-message_kit__background p-message_pane_message__message c-message_kit__message\" role=\"presentation\" data-qa=\"message_container\" data-qa-unprocessed=\"false\" data-qa-placeholder=\"false\"><div class=\"c-message_kit__hover\" role=\"document\" aria-roledescription=\"mensaje\" data-qa-hover=\"true\"><div class=\"c-message_kit__actions c-message_kit__actions--default\"><div class=\"c-message_kit__gutter\"><div class=\"c-message_kit__gutter__right\" role=\"presentation\" data-qa=\"message_content\"><div class=\"c-message_kit__blocks c-message_kit__blocks--rich_text\"><div class=\"c-message__message_blocks c-message__message_blocks--rich_text\" data-qa=\"message-text\"><div class=\"p-block_kit_renderer\" data-qa=\"block-kit-renderer\"><div class=\"p-block_kit_renderer__block_wrapper p-block_kit_renderer__block_wrapper--first\"><div class=\"p-rich_text_block\" dir=\"auto\"><div class=\"p-rich_text_section\"><strong>2025<\/strong> | Fundaci\u00f3n Acad\u00e9mica de Dibujo Profesional, Cali. Workshop de Fotograf\u00eda de Viajes<\/div><\/div><\/div><\/div><\/div><\/div><\/div><\/div><\/div><\/div><\/div><\/div><\/div><\/div><\/div><\/div><\/div><\/div><\/div><\/div><\/div><\/div><\/div>\t\t\t\t\t\t\t\t<\/div>\n\t\t\t\t<\/div>\n\t\t\t\t<div class=\"elementor-element elementor-element-f8a1cfd elementor-widget elementor-widget-heading\" data-id=\"f8a1cfd\" data-element_type=\"widget\" data-e-type=\"widget\" data-widget_type=\"heading.default\">\n\t\t\t\t<div class=\"elementor-widget-container\">\n\t\t\t\t\t<h4 class=\"elementor-heading-title elementor-size-default\">Projects<\/h4>\t\t\t\t<\/div>\n\t\t\t\t<\/div>\n\t\t\t\t<div class=\"elementor-element elementor-element-062c9dd elementor-widget elementor-widget-text-editor\" data-id=\"062c9dd\" data-element_type=\"widget\" data-e-type=\"widget\" data-widget_type=\"text-editor.default\">\n\t\t\t\t<div class=\"elementor-widget-container\">\n\t\t\t\t\t\t\t\t\t<p><strong>2024<\/strong> | www.marcelabellini.com<\/p><p><strong>2021<\/strong> | Photo Studio Marcela Bellini<\/p><p><strong>2019<\/strong> | Kubik Cali Award. Cultural Management and Jury<\/p><p><strong>2014-2016<\/strong> | La Pared, Cultural Corridor of the Club Campestre, Cali, Colombia. Manager and Curator<\/p><p><strong>2011-2016<\/strong> | Pop Up Gallery, Cali. Cultural Management and Curator of this itinerant project<\/p>\t\t\t\t\t\t\t\t<\/div>\n\t\t\t\t<\/div>\n\t\t\t\t<div class=\"elementor-element elementor-element-7a1d95b elementor-widget elementor-widget-heading\" data-id=\"7a1d95b\" data-element_type=\"widget\" data-e-type=\"widget\" data-widget_type=\"heading.default\">\n\t\t\t\t<div class=\"elementor-widget-container\">\n\t\t\t\t\t<h4 class=\"elementor-heading-title elementor-size-default\">Auctions<\/h4>\t\t\t\t<\/div>\n\t\t\t\t<\/div>\n\t\t\t\t<div class=\"elementor-element elementor-element-1923e77 elementor-widget elementor-widget-text-editor\" data-id=\"1923e77\" data-element_type=\"widget\" data-e-type=\"widget\" data-widget_type=\"text-editor.default\">\n\t\t\t\t<div class=\"elementor-widget-container\">\n\t\t\t\t\t\t\t\t\t<p><strong>2025<\/strong> | Auction A la Rueda Rueda. Photograph: At the other side of the door is the lonely street. Bogot\u00e1, Colombia.<\/p><p><strong>2024<\/strong> | Auction A la Rueda Rueda. Photograph: Magdalena, River of work. Bogot\u00e1, Colombia.<\/p>\t\t\t\t\t\t\t\t<\/div>\n\t\t\t\t<\/div>\n\t\t\t\t<div class=\"elementor-element elementor-element-4a1d45f elementor-widget elementor-widget-heading\" data-id=\"4a1d45f\" data-element_type=\"widget\" data-e-type=\"widget\" data-widget_type=\"heading.default\">\n\t\t\t\t<div class=\"elementor-widget-container\">\n\t\t\t\t\t<h4 class=\"elementor-heading-title elementor-size-default\">Art Fairs<\/h4>\t\t\t\t<\/div>\n\t\t\t\t<\/div>\n\t\t\t\t<div class=\"elementor-element elementor-element-1122e02 elementor-widget elementor-widget-text-editor\" data-id=\"1122e02\" data-element_type=\"widget\" data-e-type=\"widget\" data-widget_type=\"text-editor.default\">\n\t\t\t\t<div class=\"elementor-widget-container\">\n\t\t\t\t\t\t\t\t\t<p><strong>2023<\/strong> | Hamptons Fine Arts Fair, USA. Enrique Cabrera Gallery<\/p><p><strong>2022<\/strong> | Aqua Art Fair, Miami, USA. Latin Art Gallery<\/p><p><strong>2022<\/strong> | Art on Paper, New York, USA. Latin Art Gallery<\/p><p><strong>2014<\/strong> | Sincron\u00eda Art Fair, Bogota, Colombia<\/p>\t\t\t\t\t\t\t\t<\/div>\n\t\t\t\t<\/div>\n\t\t\t\t<div class=\"elementor-element elementor-element-6cc7e87 elementor-widget elementor-widget-heading\" data-id=\"6cc7e87\" data-element_type=\"widget\" data-e-type=\"widget\" data-widget_type=\"heading.default\">\n\t\t\t\t<div class=\"elementor-widget-container\">\n\t\t\t\t\t<h4 class=\"elementor-heading-title elementor-size-default\">Exhibitions<\/h4>\t\t\t\t<\/div>\n\t\t\t\t<\/div>\n\t\t\t\t<div class=\"elementor-element elementor-element-a1a5def elementor-widget elementor-widget-text-editor\" data-id=\"a1a5def\" data-element_type=\"widget\" data-e-type=\"widget\" data-widget_type=\"text-editor.default\">\n\t\t\t\t<div class=\"elementor-widget-container\">\n\t\t\t\t\t\t\t\t\t<p><strong>2023<\/strong> | Individual Exhibition of the series Magical Realism in Kolectiva Gallery, Cali<\/p><p><strong>2021<\/strong> | Individual exhibition of the series \u201cA Conversation between Asia and the West\u201d at Photo Studio Marcela Bellini, Cali<\/p><p><strong>2021<\/strong> | Individual exhibition of the series \u201cA Conversation between Asia and the West\u201d at La Pared, Club Campestre, Cali<\/p><p><strong>2019<\/strong> | Individual exhibition of the series \u201cA Conversation between Asia and the West\u201d at Ic\u00f3nica Art Gallery, Cali<\/p><p><strong>2018<\/strong> | Individual exhibition of the series \u201cNobody in Italy, Labyrinth\u201d at Casa 4, Bogota.<\/p><p><strong>2018<\/strong> | Individual exhibition of the series \u201cNobody in Italy, Labyrinth\u201d at La Pared, Club Campestre, Cali<\/p><p><strong>2017<\/strong> | Individual exhibition of the series \u201cNobody in Italy, Labyrinth\u201d at the Claude Samuel Gallery, Paris<\/p><p><strong>2017<\/strong> | GCollective exhibition with the photo \u201cNobody in the chairs facing the sea #2\u201d at Olivaresart Gallery, Cali<\/p><p><strong>2017<\/strong> | Collective exhibition of the series \u201cNobody in Italy\u201d at Espacio Interferencia Gallery, Cali<\/p><p><strong>2016<\/strong> | Collective exhibition of the series \u201cNobody in Italy\u201d at Espacio Interferencia Gallery, Cali<\/p><p><strong>2015<\/strong> | | Individual exhibition of the series \u201cNobody II\u201d. Casa Proartes, Cali<\/p><p><strong>2013<\/strong> | Collective exhibition of the series \u201cStories in Sepia\u201d at the Pop Up Gallery \u201cSee what others don&#8217;t see\u201d, Cali<\/p>\t\t\t\t\t\t\t\t<\/div>\n\t\t\t\t<\/div>\n\t\t\t\t<div class=\"elementor-element elementor-element-78168c0 elementor-widget elementor-widget-heading\" data-id=\"78168c0\" data-element_type=\"widget\" data-e-type=\"widget\" data-widget_type=\"heading.default\">\n\t\t\t\t<div class=\"elementor-widget-container\">\n\t\t\t\t\t<h4 class=\"elementor-heading-title elementor-size-default\">Artist Residency<\/h4>\t\t\t\t<\/div>\n\t\t\t\t<\/div>\n\t\t\t\t<div class=\"elementor-element elementor-element-6c7e53c elementor-widget elementor-widget-text-editor\" data-id=\"6c7e53c\" data-element_type=\"widget\" data-e-type=\"widget\" data-widget_type=\"text-editor.default\">\n\t\t\t\t<div class=\"elementor-widget-container\">\n\t\t\t\t\t\t\t\t\t<p><strong>2021<\/strong> | El Boga Casa Taller, Mompox <br \/>@mompoxmagico<\/p>\t\t\t\t\t\t\t\t<\/div>\n\t\t\t\t<\/div>\n\t\t\t\t<div class=\"elementor-element elementor-element-ba60008 elementor-widget elementor-widget-heading\" data-id=\"ba60008\" data-element_type=\"widget\" data-e-type=\"widget\" data-widget_type=\"heading.default\">\n\t\t\t\t<div class=\"elementor-widget-container\">\n\t\t\t\t\t<h4 class=\"elementor-heading-title elementor-size-default\">Studies<\/h4>\t\t\t\t<\/div>\n\t\t\t\t<\/div>\n\t\t\t\t<div class=\"elementor-element elementor-element-2781d76 elementor-widget elementor-widget-text-editor\" data-id=\"2781d76\" data-element_type=\"widget\" data-e-type=\"widget\" data-widget_type=\"text-editor.default\">\n\t\t\t\t<div class=\"elementor-widget-container\">\n\t\t\t\t\t\t\t\t\t<p><strong>2023<\/strong> | Lugar a Dudas, Cali. Escuela Concreta, Insight Course<\/p><p><strong>2019<\/strong> | La Tertulia Museum of Modern Art, Cali. Venice Biennale Seminar with El\u00edas Heim<\/p><p><strong>2015<\/strong> | La Tertulia Museum of Modern Art, Cali. Art and Context Seminar with El\u00edas Heim<\/p><p><strong>2015<\/strong> | Escuela de Fotograf\u00eda Del Valle. Photography Course<\/p><p><strong>2014<\/strong> | Sotheby\u2019s Institute of Art, London. Contemporary Art Analysis Course<\/p><p><strong>2007-2009<\/strong> | Universidad de Los Andes, Master in Literature<\/p><p><strong>2002 -2003<\/strong> | Universidad de Los Andes, Specialization in Journalism<\/p><p><strong>1993 \u2013 1998<\/strong> | Universidad de Los Andes, Bachelor&#8217;s Degree in Philosophy<\/p>\t\t\t\t\t\t\t\t<\/div>\n\t\t\t\t<\/div>\n\t\t\t\t<\/div>\n\t\t\t\t\t<\/div>\n\t\t\t\t<\/div>\n\t\t\t\t<\/div>\n\t\t","protected":false},"excerpt":{"rendered":"<p>Workshops 2025 | Fundaci\u00f3n Acad\u00e9mica de Dibujo Profesional, Cali. Workshop de Fotograf\u00eda de Viajes Projects 2024 | www.marcelabellini.com 2021 | Photo Studio Marcela Bellini 2019 | Kubik Cali Award. Cultural Management and Jury 2014-2016 | La Pared, Cultural Corridor of the Club Campestre, Cali, Colombia. Manager and Curator 2011-2016 | Pop Up Gallery, Cali. Cultural [&hellip;]<\/p>\n","protected":false},"author":3,"featured_media":0,"parent":0,"menu_order":0,"comment_status":"closed","ping_status":"closed","template":"","meta":{"_seopress_robots_primary_cat":"","_seopress_titles_title":"","_seopress_titles_desc":"","_seopress_robots_index":"","inline_featured_image":false,"footnotes":""},"class_list":["post-2871","page","type-page","status-publish","hentry"],"_links":{"self":[{"href":"https:\/\/marcelabellini.com\/en\/wp-json\/wp\/v2\/pages\/2871","targetHints":{"allow":["GET"]}}],"collection":[{"href":"https:\/\/marcelabellini.com\/en\/wp-json\/wp\/v2\/pages"}],"about":[{"href":"https:\/\/marcelabellini.com\/en\/wp-json\/wp\/v2\/types\/page"}],"author":[{"embeddable":true,"href":"https:\/\/marcelabellini.com\/en\/wp-json\/wp\/v2\/users\/3"}],"replies":[{"embeddable":true,"href":"https:\/\/marcelabellini.com\/en\/wp-json\/wp\/v2\/comments?post=2871"}],"version-history":[{"count":12,"href":"https:\/\/marcelabellini.com\/en\/wp-json\/wp\/v2\/pages\/2871\/revisions"}],"predecessor-version":[{"id":7629,"href":"https:\/\/marcelabellini.com\/en\/wp-json\/wp\/v2\/pages\/2871\/revisions\/7629"}],"wp:attachment":[{"href":"https:\/\/marcelabellini.com\/en\/wp-json\/wp\/v2\/media?parent=2871"}],"curies":[{"name":"wp","href":"https:\/\/api.w.org\/{rel}","templated":true}]}}